{"id":86,"date":"2023-02-01T10:27:17","date_gmt":"2023-02-01T09:27:17","guid":{"rendered":"https:\/\/marche.seve-asso.fr\/boutique\/?post_type=product&#038;p=86"},"modified":"2026-02-08T23:01:15","modified_gmt":"2026-02-08T22:01:15","slug":"oeufs-frais-plein-air-6-u","status":"publish","type":"product","link":"https:\/\/marche.seve-asso.fr\/boutique\/produit\/oeufs-frais-plein-air-6-u\/","title":{"rendered":"6 \u0152ufs frais plein air"},"content":{"rendered":"<p>\u0152ufs de poules non calibr\u00e9s, issus de trois races de poules pondeuses.<br \/>\n\u00c9lev\u00e9e simplement, bien nourris et ayant eu acc\u00e8s \u00e0 de l&rsquo;herbe sur un grand parcours. De plus, nous g\u00e2tons nos poules avec tous les matins des sceaux de pain dur r\u00e9cup\u00e9r\u00e9 dans les boulangeries du coin afin de limiter le gaspillage de celles-ci.<br \/>\nPour les \u0153ufs vous pouvez venir avec vos boites afin de perp\u00e9tuer leur utilisation.<\/p>\n<p><em>Quantit\u00e9 : 6 unit\u00e9s<\/em><\/p>\n<p><em>0.29 \u20ac\/U<\/em><\/p>\n","protected":false},"excerpt":{"rendered":"<p>\u0152ufs de poules non calibr\u00e9s, issus de trois races de poules pondeuses. \u00c9lev\u00e9e simplement, bien nourris et ayant eu acc\u00e8s \u00e0 de l&rsquo;herbe sur un grand parcours. De plus, nous g\u00e2tons nos poules avec tous les matins des sceaux de pain dur r\u00e9cup\u00e9r\u00e9 dans les boulangeries du coin afin de limiter le gaspillage de celles-ci. [&hellip;]<\/p>\n","protected":false},"featured_media":88,"comment_status":"closed","ping_status":"closed","template":"","meta":[],"product_brand":[],"product_cat":[33,27],"product_tag":[],"class_list":{"0":"post-86","1":"product","2":"type-product","3":"status-publish","4":"has-post-thumbnail","6":"product_cat-earl-des-bouillots-oeufs","7":"product_cat-oeufs","9":"first","10":"instock","11":"virtual","12":"purchasable","13":"product-type-simple"},"_links":{"self":[{"href":"https:\/\/marche.seve-asso.fr\/boutique\/wp-json\/wp\/v2\/product\/86","targetHints":{"allow":["GET"]}}],"collection":[{"href":"https:\/\/marche.seve-asso.fr\/boutique\/wp-json\/wp\/v2\/product"}],"about":[{"href":"https:\/\/marche.seve-asso.fr\/boutique\/wp-json\/wp\/v2\/types\/product"}],"replies":[{"embeddable":true,"href":"https:\/\/marche.seve-asso.fr\/boutique\/wp-json\/wp\/v2\/comments?post=86"}],"wp:featuredmedia":[{"embeddable":true,"href":"https:\/\/marche.seve-asso.fr\/boutique\/wp-json\/wp\/v2\/media\/88"}],"wp:attachment":[{"href":"https:\/\/marche.seve-asso.fr\/boutique\/wp-json\/wp\/v2\/media?parent=86"}],"wp:term":[{"taxonomy":"product_brand","embeddable":true,"href":"https:\/\/marche.seve-asso.fr\/boutique\/wp-json\/wp\/v2\/product_brand?post=86"},{"taxonomy":"product_cat","embeddable":true,"href":"https:\/\/marche.seve-asso.fr\/boutique\/wp-json\/wp\/v2\/product_cat?post=86"},{"taxonomy":"product_tag","embeddable":true,"href":"https:\/\/marche.seve-asso.fr\/boutique\/wp-json\/wp\/v2\/product_tag?post=86"}],"curies":[{"name":"wp","href":"https:\/\/api.w.org\/{rel}","templated":true}]}}