{"id":67,"date":"2023-02-01T10:07:26","date_gmt":"2023-02-01T09:07:26","guid":{"rendered":"https:\/\/marche.seve-asso.fr\/boutique\/?post_type=product&#038;p=67"},"modified":"2024-09-05T15:10:38","modified_gmt":"2024-09-05T13:10:38","slug":"supreme-de-pintade-fermiere-15kg","status":"publish","type":"product","link":"https:\/\/marche.seve-asso.fr\/boutique\/produit\/supreme-de-pintade-fermiere-15kg\/","title":{"rendered":"Supr\u00eame de pintade fermi\u00e8re (1,5 kg)"},"content":{"rendered":"<p>Pintade de minimum 95 jours d&rsquo;\u00e9levage, bien nourris, bien \u00e9lev\u00e9s et ayant eu acc\u00e8s \u00e0 de l&rsquo;herbe sur un grand parcours.<br \/>\nBien s\u00fbr nous ne sommes pas dans un \u00e9levage industriel, nos pintades ne feront jamais le m\u00eame poids, donc le poids des supr\u00eames peut varier de 200 \u00e0 400 grammes. C&rsquo;est pour cela qu&rsquo;un r\u00e9ajustement de prix sera effectu\u00e9 lors de la remise des supr\u00eames s&rsquo;il y a un \u00e9cart de plus ou moins 60 grammes, sachant que le prix est de 22.50\u20ac le Kg.<br \/>\nPS : Nous estimons que trois supr\u00eames font 700 grammes.<\/p>\n<p><em>Poids : 1,5 kg<\/em><\/p>\n<p><i>22.5 \u20ac\/Kg<\/i><\/p>\n<p>&nbsp;<\/p>\n<p>&nbsp;<\/p>\n","protected":false},"excerpt":{"rendered":"<p>Pintade de minimum 95 jours d&rsquo;\u00e9levage, bien nourris, bien \u00e9lev\u00e9s et ayant eu acc\u00e8s \u00e0 de l&rsquo;herbe sur un grand parcours. Bien s\u00fbr nous ne sommes pas dans un \u00e9levage industriel, nos pintades ne feront jamais le m\u00eame poids, donc le poids des supr\u00eames peut varier de 200 \u00e0 400 grammes. C&rsquo;est pour cela qu&rsquo;un [&hellip;]<\/p>\n","protected":false},"featured_media":66,"comment_status":"closed","ping_status":"closed","template":"","meta":[],"product_brand":[],"product_cat":[26,17],"product_tag":[],"class_list":{"0":"post-67","1":"product","2":"type-product","3":"status-publish","4":"has-post-thumbnail","6":"product_cat-earl-des-bouillots-viandes","7":"product_cat-viandes","9":"first","10":"instock","11":"virtual","12":"purchasable","13":"product-type-simple"},"_links":{"self":[{"href":"https:\/\/marche.seve-asso.fr\/boutique\/wp-json\/wp\/v2\/product\/67","targetHints":{"allow":["GET"]}}],"collection":[{"href":"https:\/\/marche.seve-asso.fr\/boutique\/wp-json\/wp\/v2\/product"}],"about":[{"href":"https:\/\/marche.seve-asso.fr\/boutique\/wp-json\/wp\/v2\/types\/product"}],"replies":[{"embeddable":true,"href":"https:\/\/marche.seve-asso.fr\/boutique\/wp-json\/wp\/v2\/comments?post=67"}],"wp:featuredmedia":[{"embeddable":true,"href":"https:\/\/marche.seve-asso.fr\/boutique\/wp-json\/wp\/v2\/media\/66"}],"wp:attachment":[{"href":"https:\/\/marche.seve-asso.fr\/boutique\/wp-json\/wp\/v2\/media?parent=67"}],"wp:term":[{"taxonomy":"product_brand","embeddable":true,"href":"https:\/\/marche.seve-asso.fr\/boutique\/wp-json\/wp\/v2\/product_brand?post=67"},{"taxonomy":"product_cat","embeddable":true,"href":"https:\/\/marche.seve-asso.fr\/boutique\/wp-json\/wp\/v2\/product_cat?post=67"},{"taxonomy":"product_tag","embeddable":true,"href":"https:\/\/marche.seve-asso.fr\/boutique\/wp-json\/wp\/v2\/product_tag?post=67"}],"curies":[{"name":"wp","href":"https:\/\/api.w.org\/{rel}","templated":true}]}}