{"id":51,"date":"2023-02-01T09:48:02","date_gmt":"2023-02-01T08:48:02","guid":{"rendered":"https:\/\/marche.seve-asso.fr\/boutique\/?post_type=product&#038;p=51"},"modified":"2024-09-05T15:15:16","modified_gmt":"2024-09-05T13:15:16","slug":"poulet-entier-fermier-21-kg","status":"publish","type":"product","link":"https:\/\/marche.seve-asso.fr\/boutique\/produit\/poulet-entier-fermier-21-kg\/","title":{"rendered":"Poulet entier fermier (2,1 kg)"},"content":{"rendered":"<p>Poulet de minimum 100 jours d&rsquo;\u00e9levage, bien nourris, bien \u00e9lev\u00e9s et ayant eu acc\u00e8s \u00e0 de l&rsquo;herbe sur un grand parcours.<br \/>\nBien s\u00fbr nous ne sommes pas dans un \u00e9levage industriel, nos poulets ne feront donc jamais le m\u00eame poids ce pourquoi le poids du poulet peut varier. C&rsquo;est pour cela qu&rsquo;un r\u00e9ajustement de prix sera effectu\u00e9 lors de la remise du poulet s\u2019il y a un \u00e9cart de plus ou moins 60 grammes, sachant que le prix est de 10,29\u20ac le Kg.<\/p>\n<p><em>Poids : 2,1 kg<\/em><\/p>\n<p><i>10.29 \u20ac\/Kg<\/i><\/p>\n","protected":false},"excerpt":{"rendered":"<p>Poulet de minimum 100 jours d&rsquo;\u00e9levage, bien nourris, bien \u00e9lev\u00e9s et ayant eu acc\u00e8s \u00e0 de l&rsquo;herbe sur un grand parcours. Bien s\u00fbr nous ne sommes pas dans un \u00e9levage industriel, nos poulets ne feront donc jamais le m\u00eame poids ce pourquoi le poids du poulet peut varier. C&rsquo;est pour cela qu&rsquo;un r\u00e9ajustement de prix [&hellip;]<\/p>\n","protected":false},"featured_media":50,"comment_status":"closed","ping_status":"closed","template":"","meta":[],"product_brand":[],"product_cat":[26,17],"product_tag":[],"class_list":{"0":"post-51","1":"product","2":"type-product","3":"status-publish","4":"has-post-thumbnail","6":"product_cat-earl-des-bouillots-viandes","7":"product_cat-viandes","9":"first","10":"instock","11":"virtual","12":"purchasable","13":"product-type-simple"},"_links":{"self":[{"href":"https:\/\/marche.seve-asso.fr\/boutique\/wp-json\/wp\/v2\/product\/51","targetHints":{"allow":["GET"]}}],"collection":[{"href":"https:\/\/marche.seve-asso.fr\/boutique\/wp-json\/wp\/v2\/product"}],"about":[{"href":"https:\/\/marche.seve-asso.fr\/boutique\/wp-json\/wp\/v2\/types\/product"}],"replies":[{"embeddable":true,"href":"https:\/\/marche.seve-asso.fr\/boutique\/wp-json\/wp\/v2\/comments?post=51"}],"wp:featuredmedia":[{"embeddable":true,"href":"https:\/\/marche.seve-asso.fr\/boutique\/wp-json\/wp\/v2\/media\/50"}],"wp:attachment":[{"href":"https:\/\/marche.seve-asso.fr\/boutique\/wp-json\/wp\/v2\/media?parent=51"}],"wp:term":[{"taxonomy":"product_brand","embeddable":true,"href":"https:\/\/marche.seve-asso.fr\/boutique\/wp-json\/wp\/v2\/product_brand?post=51"},{"taxonomy":"product_cat","embeddable":true,"href":"https:\/\/marche.seve-asso.fr\/boutique\/wp-json\/wp\/v2\/product_cat?post=51"},{"taxonomy":"product_tag","embeddable":true,"href":"https:\/\/marche.seve-asso.fr\/boutique\/wp-json\/wp\/v2\/product_tag?post=51"}],"curies":[{"name":"wp","href":"https:\/\/api.w.org\/{rel}","templated":true}]}}